{"id":4429,"date":"2026-05-20T21:37:33","date_gmt":"2026-05-20T19:37:33","guid":{"rendered":"https:\/\/millefolia.ch\/medecine-complementaire\/"},"modified":"2026-06-17T21:22:38","modified_gmt":"2026-06-17T19:22:38","slug":"medecine-complementaire","status":"publish","type":"page","link":"https:\/\/millefolia.ch\/fr\/medecine-complementaire\/","title":{"rendered":"M\u00e9decine compl\u00e9mentaire"},"content":{"rendered":"\n<div class=\"wp-block-group alignfull feature-boxes has-tertiary-background-color has-background has-global-padding is-layout-constrained wp-container-core-group-is-layout-170b4c26 wp-block-group-is-layout-constrained\" style=\"margin-top:0px;padding-top:var(--wp--preset--spacing--large);padding-right:var(--wp--preset--spacing--medium);padding-bottom:var(--wp--preset--spacing--large);padding-left:var(--wp--preset--spacing--medium)\">\n<div class=\"wp-block-group alignwide is-layout-flow wp-container-core-group-is-layout-e2a71e28 wp-block-group-is-layout-flow\">\n<h1 id=\"questce-que-la-medecine-complementaire\" class=\"wp-block-heading has-text-align-center has-primary-accent-color has-text-color has-link-color has-xx-large-font-size has-text-wrap-balance wp-elements-1\" style=\"margin-bottom:var(--wp--preset--spacing--medium);line-height:1.2\">Qu&rsquo;est-ce que la m\u00e9decine compl\u00e9mentaire ?<\/h1>\n\n\n\n<div class=\"wp-block-columns is-layout-flex wp-container-core-columns-is-layout-8d39b2df wp-block-columns-is-layout-flex\">\n<div class=\"wp-block-column is-layout-flow wp-block-column-is-layout-flow\">\n<p class=\"has-text-align-left has-link-color wp-elements-2 wp-block-paragraph\">La m\u00e9decine compl\u00e9mentaire regroupe une vaste gamme de disciplines et de m\u00e9dicaments, utilis\u00e9s par des <a href=\"https:\/\/millefolia.ch\/fr\/trouver-un-medecin-ou-un-therapeute\/#aerztefinder\"><strong><em>m\u00e9decins, th\u00e9rapeutes compl\u00e9mentaires et naturopathes.<\/em><\/strong><\/a><\/p>\n<\/div>\n\n\n\n<div class=\"wp-block-column is-layout-flow wp-block-column-is-layout-flow\">\n<p class=\"has-text-align-left wp-block-paragraph\">La m\u00e9decine compl\u00e9mentaire vise \u00e0 r\u00e9tablir un \u00e9quilibre global perdu, physique, \u00e9motionnel et \u00e9nerg\u00e9tique et \u00e0 renforcer les ressources naturelles d\u2019autogu\u00e9rison du patient.<\/p>\n<\/div>\n<\/div>\n\n\n\n<div class=\"wp-block-group alignfull has-base-background-color has-background has-global-padding is-layout-constrained wp-container-core-group-is-layout-3ca15107 wp-block-group-is-layout-constrained\" style=\"border-top-left-radius:0.6em;border-top-right-radius:0.6em;border-bottom-left-radius:0.6em;border-bottom-right-radius:0.6em;margin-top:var(--wp--preset--spacing--medium);padding-top:var(--wp--preset--spacing--medium);padding-right:var(--wp--preset--spacing--medium);padding-bottom:var(--wp--preset--spacing--medium);padding-left:var(--wp--preset--spacing--medium)\">\n<div class=\"wp-block-columns alignwide are-vertically-aligned-center is-layout-flex wp-container-core-columns-is-layout-8d39b2df wp-block-columns-is-layout-flex\">\n<div class=\"wp-block-column is-vertically-aligned-center is-layout-flow wp-block-column-is-layout-flow\" style=\"flex-basis:36%\">\n<h2 id=\"la-medecine-complementaire\" class=\"wp-block-heading has-text-color\" style=\"color:#7cb600\">La m\u00e9decine compl\u00e9mentaire :<\/h2>\n<\/div>\n\n\n\n<div class=\"wp-block-column is-vertically-aligned-center is-layout-flow wp-block-column-is-layout-flow\" style=\"flex-basis:64%\">\n<div class=\"wp-block-group alignfull has-global-padding is-layout-constrained wp-container-core-group-is-layout-7cf01583 wp-block-group-is-layout-constrained\" style=\"padding-top:0;padding-right:0;padding-bottom:0;padding-left:0\">\n<ul style=\"padding-top:0;padding-right:var(--wp--preset--spacing--small);padding-bottom:0;padding-left:var(--wp--preset--spacing--small)\" class=\"wp-block-list\">\n<li>consid\u00e8re la personne dans son ensemble, par une approche holistique, qui inclut les pratiques ax\u00e9es sur le mental et spirituel.<\/li>\n\n\n\n<li>examine le contexte d\u2019un probl\u00e8me de sant\u00e9 et cherche \u00e0 identifier les causes profondes des maladies plut\u00f4t que de simplement soigner les sympt\u00f4mes<\/li>\n\n\n\n<li>peut \u00e9galement \u00eatre utilis\u00e9 en autom\u00e9dication. Les pharmacies et drogueries donnent des conseils sur l\u2019utilisation des <strong><em><a data-type=\"page\" data-id=\"1567\" href=\"https:\/\/millefolia.ch\/fr\/medecine-complementaire\/medicaments\/\">m\u00e9dicaments de la m\u00e9decine compl\u00e9mentaire<\/a><\/em><\/strong><\/li>\n<\/ul>\n<\/div>\n<\/div>\n<\/div>\n<\/div>\n<\/div>\n<\/div>\n\n<section class=\"wp-block-group alignfull has-global-padding is-layout-constrained wp-container-core-group-is-layout-182db34b wp-block-group-is-layout-constrained\" style=\"margin-top:0;margin-bottom:0;padding-top:var(--wp--preset--spacing--large);padding-right:var(--wp--preset--spacing--medium);padding-bottom:var(--wp--preset--spacing--large);padding-left:var(--wp--preset--spacing--medium)\">\n<div class=\"wp-block-group alignwide has-global-padding is-layout-constrained wp-block-group-is-layout-constrained\">\n<div class=\"wp-block-columns alignwide is-layout-flex wp-container-core-columns-is-layout-8d39b2df wp-block-columns-is-layout-flex\">\n<div class=\"wp-block-column is-vertically-aligned-top is-layout-flow wp-block-column-is-layout-flow\" style=\"flex-basis:37%\">\n<h2 id=\"questce-que-la-medecine-integrative\" class=\"wp-block-heading has-primary-accent-color has-text-color has-link-color wp-elements-3\" style=\"font-size:clamp(1.327rem, 1.327rem + ((1vw - 0.2rem) * 1.372), 2.15rem);\">Qu&rsquo;est-ce que la m\u00e9decine int\u00e9grative ?<\/h2>\n<\/div>\n\n\n\n<div class=\"wp-block-column is-vertically-aligned-bottom is-layout-flow wp-block-column-is-layout-flow\" style=\"padding-top:0;padding-right:0;padding-bottom:0;padding-left:0;flex-basis:63%\">\n<p class=\"is-style-list-boxed has-text-wrap-pretty wp-block-paragraph\" style=\"padding-top:0;padding-right:0;padding-bottom:0;padding-left:0\">Il est souvent difficile de faire la distinction entre la m\u00e9decine compl\u00e9mentaire et la m\u00e9decine conventionnelle (m\u00e9decine officielle), les deux syst\u00e8mes se compl\u00e9tant mutuellement. On parle alors de m\u00e9decine int\u00e9grative. Le patient est au centre et doit b\u00e9n\u00e9ficier de la diversit\u00e9 th\u00e9rapeutique de l&rsquo;ensemble de la m\u00e9decine.  <\/p>\n<\/div>\n<\/div>\n\n\n\n<hr class=\"wp-block-separator alignwide has-text-color has-border-light-color has-alpha-channel-opacity has-border-light-background-color has-background is-style-separator-thin\"\/>\n\n\n\n<div class=\"wp-block-columns alignwide are-vertically-aligned-top is-layout-flex wp-container-core-columns-is-layout-8d39b2df wp-block-columns-is-layout-flex\">\n<div class=\"wp-block-column is-vertically-aligned-top is-layout-flow wp-block-column-is-layout-flow\" style=\"flex-basis:37%\">\n<h2 id=\"ou-trouver-la-medecine-complementaire\" class=\"wp-block-heading has-primary-accent-color has-text-color has-link-color wp-elements-4\" style=\"font-size:clamp(1.327rem, 1.327rem + ((1vw - 0.2rem) * 1.372), 2.15rem);\">O\u00f9 trouver la m\u00e9decine compl\u00e9mentaire ?<\/h2>\n<\/div>\n\n\n\n<div class=\"wp-block-column is-vertically-aligned-top is-layout-flow wp-block-column-is-layout-flow\" style=\"flex-basis:63%\">\n<p class=\"has-link-color wp-elements-5 wp-block-paragraph\">Les th\u00e9rapies de m\u00e9decine compl\u00e9mentaire les plus r\u00e9pandues en Suisse sont pratiqu\u00e9es par des m\u00e9decins, des praticiens en m\u00e9decine naturelle ou des th\u00e9rapeutes en m\u00e9decines compl\u00e9mentaires.<br\/><em><strong><a href=\"https:\/\/millefolia.ch\/fr\/trouver-un-medecin-ou-un-therapeute\/#aerztefinder\">Les m\u00e9decins qui pratiquent la m\u00e9decine compl\u00e9mentaire<\/a> <\/strong><\/em>ont suivi une formation dans le domaine. De leur c\u00f4t\u00e9 <strong><em><a href=\"https:\/\/millefolia.ch\/fr\/trouver-un-medecin-ou-un-therapeute\/#therapeutenfinder\">les praticiens en m\u00e9decine naturelle et des th\u00e9rapeutes compl\u00e9mentaires<\/a> <\/em><\/strong>ont un certificat de branche ou un dipl\u00f4me f\u00e9d\u00e9ral.<\/p>\n\n\n\n<p class=\"has-link-color wp-elements-6 wp-block-paragraph\">Par ailleurs, il existe une multitude de m\u00e9thodes pratiqu\u00e9es par les th\u00e9rapeutes certifi\u00e9s. <strong><em><a href=\"https:\/\/millefolia.ch\/fr\/trouver-un-medecin-ou-un-therapeute\/#therapeutenfinder\">Les registres des th\u00e9rapeutes <\/a><\/em><\/strong>offrent une vue d\u2019ensemble. <\/p>\n<\/div>\n<\/div>\n\n\n\n<hr class=\"wp-block-separator alignwide has-text-color has-border-light-color has-alpha-channel-opacity has-border-light-background-color has-background is-style-separator-thin\"\/>\n\n\n\n<div class=\"wp-block-columns alignwide is-layout-flex wp-container-core-columns-is-layout-8d39b2df wp-block-columns-is-layout-flex\">\n<div class=\"wp-block-column is-vertically-aligned-top is-layout-flow wp-block-column-is-layout-flow\" style=\"flex-basis:37%\">\n<h2 id=\"medecine-complementaire-pour-votre-animal-de-compagnie-ou-delevage\" class=\"wp-block-heading has-primary-accent-color has-text-color has-link-color has-text-wrap-pretty wp-elements-7\" style=\"font-size:clamp(1.327rem, 1.327rem + ((1vw - 0.2rem) * 1.372), 2.15rem);\">M\u00e9decine compl\u00e9mentaire pour votre animal de compagnie ou d&rsquo;\u00e9levage <\/h2>\n<\/div>\n\n\n\n<div class=\"wp-block-column is-vertically-aligned-center is-layout-flow wp-block-column-is-layout-flow\" style=\"flex-basis:63%\">\n<p class=\"has-link-color wp-elements-8 wp-block-paragraph\">Saviez-vous que de nombreuses th\u00e9rapies de m\u00e9decine compl\u00e9mentaire sont \u00e9galement utilis\u00e9es pour les animaux de compagnie et d&rsquo;\u00e9levage ? Trouvez un v\u00e9t\u00e9rinaire sp\u00e9cialis\u00e9 <a href=\"https:\/\/www.camvet.ch\/de\/tierarzt-finder\/praxissuche\" target=\"_blank\" rel=\"noreferrer noopener\"><strong><em>v\u00e9t\u00e9rinaire<\/em><\/strong><\/a> ou un v\u00e9t\u00e9rinaire certifi\u00e9 <a href=\"https:\/\/tierheilpraktikerverband.ch\/therapeut\/\" target=\"_blank\" rel=\"noreferrer noopener\"><strong><em>Praticien en m\u00e9decine v\u00e9t\u00e9rinaire<\/em><\/strong><\/a> dans votre r\u00e9gion. <\/p>\n<\/div>\n<\/div>\n<\/div>\n<\/section>\n","protected":false},"excerpt":{"rendered":"<p>Qu&rsquo;est-ce que la m\u00e9decine compl\u00e9mentaire ? La m\u00e9decine compl\u00e9mentaire regroupe une vaste gamme de disciplines et de m\u00e9dicaments, utilis\u00e9s par des m\u00e9decins, th\u00e9rapeutes compl\u00e9mentaires et naturopathes. La m\u00e9decine compl\u00e9mentaire vise \u00e0 r\u00e9tablir un \u00e9quilibre global perdu, physique, \u00e9motionnel et \u00e9nerg\u00e9tique et \u00e0 renforcer les ressources naturelles d\u2019autogu\u00e9rison du patient. La m\u00e9decine compl\u00e9mentaire : Qu&rsquo;est-ce que [&hellip;]<\/p>\n","protected":false},"author":5,"featured_media":0,"parent":0,"menu_order":0,"comment_status":"closed","ping_status":"closed","template":"page-no-title","meta":{"footnotes":""},"class_list":["post-4429","page","type-page","status-publish","hentry"],"yoast_head":"<!-- This site is optimized with the Yoast SEO Premium plugin v28.3 (Yoast SEO v28.3) - https:\/\/yoast.com\/product\/yoast-seo-premium-wordpress\/ -->\n<title>M\u00e9decine compl\u00e9mentaire | Millefolia<\/title>\n<meta name=\"robots\" content=\"index, follow, max-snippet:-1, max-image-preview:large, max-video-preview:-1\" \/>\n<link rel=\"canonical\" href=\"https:\/\/millefolia.ch\/fr\/medecine-complementaire\/\" \/>\n<meta property=\"og:locale\" content=\"fr_FR\" \/>\n<meta property=\"og:type\" content=\"article\" \/>\n<meta property=\"og:title\" content=\"M\u00e9decine compl\u00e9mentaire\" \/>\n<meta property=\"og:description\" content=\"Qu&rsquo;est-ce que la m\u00e9decine compl\u00e9mentaire ? La m\u00e9decine compl\u00e9mentaire regroupe une vaste gamme de disciplines et de m\u00e9dicaments, utilis\u00e9s par des m\u00e9decins, th\u00e9rapeutes compl\u00e9mentaires et naturopathes. La m\u00e9decine compl\u00e9mentaire vise \u00e0 r\u00e9tablir un \u00e9quilibre global perdu, physique, \u00e9motionnel et \u00e9nerg\u00e9tique et \u00e0 renforcer les ressources naturelles d\u2019autogu\u00e9rison du patient. La m\u00e9decine compl\u00e9mentaire : Qu&rsquo;est-ce que [&hellip;]\" \/>\n<meta property=\"og:url\" content=\"https:\/\/millefolia.ch\/fr\/medecine-complementaire\/\" \/>\n<meta property=\"og:site_name\" content=\"Millefolia\" \/>\n<meta property=\"article:publisher\" content=\"https:\/\/www.facebook.com\/dakomed\" \/>\n<meta property=\"article:modified_time\" content=\"2026-06-17T19:22:38+00:00\" \/>\n<script type=\"application\/ld+json\" class=\"yoast-schema-graph\">{\"@context\":\"https:\\\/\\\/schema.org\",\"@graph\":[{\"@type\":\"WebPage\",\"@id\":\"https:\\\/\\\/millefolia.ch\\\/fr\\\/medecine-complementaire\\\/\",\"url\":\"https:\\\/\\\/millefolia.ch\\\/fr\\\/medecine-complementaire\\\/\",\"name\":\"M\u00e9decine compl\u00e9mentaire | Millefolia\",\"isPartOf\":{\"@id\":\"https:\\\/\\\/millefolia.ch\\\/fr\\\/#website\"},\"datePublished\":\"2026-05-20T19:37:33+00:00\",\"dateModified\":\"2026-06-17T19:22:38+00:00\",\"breadcrumb\":{\"@id\":\"https:\\\/\\\/millefolia.ch\\\/fr\\\/medecine-complementaire\\\/#breadcrumb\"},\"inLanguage\":\"fr-FR\",\"potentialAction\":[{\"@type\":\"ReadAction\",\"target\":[\"https:\\\/\\\/millefolia.ch\\\/fr\\\/medecine-complementaire\\\/\"]}]},{\"@type\":\"BreadcrumbList\",\"@id\":\"https:\\\/\\\/millefolia.ch\\\/fr\\\/medecine-complementaire\\\/#breadcrumb\",\"itemListElement\":[{\"@type\":\"ListItem\",\"position\":1,\"name\":\"Start\",\"item\":\"https:\\\/\\\/millefolia.ch\\\/fr\\\/\"},{\"@type\":\"ListItem\",\"position\":2,\"name\":\"M\u00e9decine compl\u00e9mentaire\"}]},{\"@type\":\"WebSite\",\"@id\":\"https:\\\/\\\/millefolia.ch\\\/fr\\\/#website\",\"url\":\"https:\\\/\\\/millefolia.ch\\\/fr\\\/\",\"name\":\"Millefolia\",\"description\":\"Das Schweizer Infoportal f\u00fcr Komplement\u00e4rmedizin\",\"publisher\":{\"@id\":\"https:\\\/\\\/millefolia.ch\\\/fr\\\/#organization\"},\"alternateName\":\"Das Schweizer Infoportal f\u00fcr Komplement\u00e4rmedizin\",\"potentialAction\":[{\"@type\":\"SearchAction\",\"target\":{\"@type\":\"EntryPoint\",\"urlTemplate\":\"https:\\\/\\\/millefolia.ch\\\/fr\\\/?s={search_term_string}\"},\"query-input\":{\"@type\":\"PropertyValueSpecification\",\"valueRequired\":true,\"valueName\":\"search_term_string\"}}],\"inLanguage\":\"fr-FR\"},{\"@type\":\"Organization\",\"@id\":\"https:\\\/\\\/millefolia.ch\\\/fr\\\/#organization\",\"name\":\"Millefolia\",\"alternateName\":\"Das Schweizer Infoportal f\u00fcr Komplement\u00e4rmedizin\",\"url\":\"https:\\\/\\\/millefolia.ch\\\/fr\\\/\",\"logo\":{\"@type\":\"ImageObject\",\"inLanguage\":\"fr-FR\",\"@id\":\"https:\\\/\\\/millefolia.ch\\\/fr\\\/#\\\/schema\\\/logo\\\/image\\\/\",\"url\":null,\"contentUrl\":null,\"width\":null,\"height\":null,\"caption\":\"Millefolia\"},\"image\":{\"@id\":\"https:\\\/\\\/millefolia.ch\\\/fr\\\/#\\\/schema\\\/logo\\\/image\\\/\"},\"sameAs\":[\"https:\\\/\\\/www.facebook.com\\\/dakomed\"],\"email\":\"redaktion@millefolia.ch\",\"telephone\":\"+41 31 560 00 24\",\"legalName\":\"Dachverband Komplement\u00e4rmedizin\",\"numberOfEmployees\":{\"@type\":\"QuantitativeValue\",\"minValue\":\"1\",\"maxValue\":\"10\"}}]}<\/script>\n<!-- \/ Yoast SEO Premium plugin. -->","yoast_head_json":{"title":"M\u00e9decine compl\u00e9mentaire | Millefolia","robots":{"index":"index","follow":"follow","max-snippet":"max-snippet:-1","max-image-preview":"max-image-preview:large","max-video-preview":"max-video-preview:-1"},"canonical":"https:\/\/millefolia.ch\/fr\/medecine-complementaire\/","og_locale":"fr_FR","og_type":"article","og_title":"M\u00e9decine compl\u00e9mentaire","og_description":"Qu&rsquo;est-ce que la m\u00e9decine compl\u00e9mentaire ? La m\u00e9decine compl\u00e9mentaire regroupe une vaste gamme de disciplines et de m\u00e9dicaments, utilis\u00e9s par des m\u00e9decins, th\u00e9rapeutes compl\u00e9mentaires et naturopathes. La m\u00e9decine compl\u00e9mentaire vise \u00e0 r\u00e9tablir un \u00e9quilibre global perdu, physique, \u00e9motionnel et \u00e9nerg\u00e9tique et \u00e0 renforcer les ressources naturelles d\u2019autogu\u00e9rison du patient. La m\u00e9decine compl\u00e9mentaire : Qu&rsquo;est-ce que [&hellip;]","og_url":"https:\/\/millefolia.ch\/fr\/medecine-complementaire\/","og_site_name":"Millefolia","article_publisher":"https:\/\/www.facebook.com\/dakomed","article_modified_time":"2026-06-17T19:22:38+00:00","schema":{"@context":"https:\/\/schema.org","@graph":[{"@type":"WebPage","@id":"https:\/\/millefolia.ch\/fr\/medecine-complementaire\/","url":"https:\/\/millefolia.ch\/fr\/medecine-complementaire\/","name":"M\u00e9decine compl\u00e9mentaire | Millefolia","isPartOf":{"@id":"https:\/\/millefolia.ch\/fr\/#website"},"datePublished":"2026-05-20T19:37:33+00:00","dateModified":"2026-06-17T19:22:38+00:00","breadcrumb":{"@id":"https:\/\/millefolia.ch\/fr\/medecine-complementaire\/#breadcrumb"},"inLanguage":"fr-FR","potentialAction":[{"@type":"ReadAction","target":["https:\/\/millefolia.ch\/fr\/medecine-complementaire\/"]}]},{"@type":"BreadcrumbList","@id":"https:\/\/millefolia.ch\/fr\/medecine-complementaire\/#breadcrumb","itemListElement":[{"@type":"ListItem","position":1,"name":"Start","item":"https:\/\/millefolia.ch\/fr\/"},{"@type":"ListItem","position":2,"name":"M\u00e9decine compl\u00e9mentaire"}]},{"@type":"WebSite","@id":"https:\/\/millefolia.ch\/fr\/#website","url":"https:\/\/millefolia.ch\/fr\/","name":"Millefolia","description":"Das Schweizer Infoportal f\u00fcr Komplement\u00e4rmedizin","publisher":{"@id":"https:\/\/millefolia.ch\/fr\/#organization"},"alternateName":"Das Schweizer Infoportal f\u00fcr Komplement\u00e4rmedizin","potentialAction":[{"@type":"SearchAction","target":{"@type":"EntryPoint","urlTemplate":"https:\/\/millefolia.ch\/fr\/?s={search_term_string}"},"query-input":{"@type":"PropertyValueSpecification","valueRequired":true,"valueName":"search_term_string"}}],"inLanguage":"fr-FR"},{"@type":"Organization","@id":"https:\/\/millefolia.ch\/fr\/#organization","name":"Millefolia","alternateName":"Das Schweizer Infoportal f\u00fcr Komplement\u00e4rmedizin","url":"https:\/\/millefolia.ch\/fr\/","logo":{"@type":"ImageObject","inLanguage":"fr-FR","@id":"https:\/\/millefolia.ch\/fr\/#\/schema\/logo\/image\/","url":null,"contentUrl":null,"width":null,"height":null,"caption":"Millefolia"},"image":{"@id":"https:\/\/millefolia.ch\/fr\/#\/schema\/logo\/image\/"},"sameAs":["https:\/\/www.facebook.com\/dakomed"],"email":"redaktion@millefolia.ch","telephone":"+41 31 560 00 24","legalName":"Dachverband Komplement\u00e4rmedizin","numberOfEmployees":{"@type":"QuantitativeValue","minValue":"1","maxValue":"10"}}]}},"_links":{"self":[{"href":"https:\/\/millefolia.ch\/fr\/wp-json\/wp\/v2\/pages\/4429","targetHints":{"allow":["GET"]}}],"collection":[{"href":"https:\/\/millefolia.ch\/fr\/wp-json\/wp\/v2\/pages"}],"about":[{"href":"https:\/\/millefolia.ch\/fr\/wp-json\/wp\/v2\/types\/page"}],"author":[{"embeddable":true,"href":"https:\/\/millefolia.ch\/fr\/wp-json\/wp\/v2\/users\/5"}],"replies":[{"embeddable":true,"href":"https:\/\/millefolia.ch\/fr\/wp-json\/wp\/v2\/comments?post=4429"}],"version-history":[{"count":5,"href":"https:\/\/millefolia.ch\/fr\/wp-json\/wp\/v2\/pages\/4429\/revisions"}],"predecessor-version":[{"id":5344,"href":"https:\/\/millefolia.ch\/fr\/wp-json\/wp\/v2\/pages\/4429\/revisions\/5344"}],"wp:attachment":[{"href":"https:\/\/millefolia.ch\/fr\/wp-json\/wp\/v2\/media?parent=4429"}],"curies":[{"name":"wp","href":"https:\/\/api.w.org\/{rel}","templated":true}]}}